{"id":11253,"date":"2024-10-01T10:20:03","date_gmt":"2024-10-01T10:20:03","guid":{"rendered":"https:\/\/sollasi.nl\/?page_id=11253"},"modified":"2025-01-29T11:19:28","modified_gmt":"2025-01-29T11:19:28","slug":"preise-campingplatz-sollasi-2025","status":"publish","type":"page","link":"https:\/\/sollasi.nl\/de\/preise-campingplatz-sollasi-2025\/","title":{"rendered":"PREISE CAMPINGPLATZ SOLLASI 2025"},"content":{"rendered":"<p>[vc_row][vc_column][vc_column_text]<\/p>\r\n<h1 class=\"wp-block-heading\">Preise Campingplatz Sollasi 2025<\/h1>\r\n<p>Die Preise verstehen sich pro \u00dcbernachtung f\u00fcr 2 Personen und mit Ausnahme der Arrangements.<br \/>Bei einem verk\u00fcrzten Aufenthalt innerhalb eines Arrangements wird der volle Preis des Arrangements berechnet.<br \/>Jugendliche unter 18 Jahren sind ohne Aufsicht nicht gestattet.<\/p>\r\n<div class=\"wp-block-columns\">\r\n\r\n\r\n<div class=\"wp-block-column is-layout-flow wp-block-column-is-layout-flow\" style=\"flex-basis: 37%;\"><\/div>\r\n<\/div>\r\n<!-- \/wp:post-content -->\r\n\r\n<!-- wp:heading -->\r\n<h2>Komfortabler Stellplatz<\/h2>\r\n<!-- \/wp:heading -->\r\n<p><!-- wp:paragraph --><em>Inklusive Strom, Wasser und WLAN auf dem Stellplatz.<\/em><\/p>\r\n<h6>In der Zeit vom 11. Juli bis zum 24. August ist es nur m\u00f6glich, ab einem Minimum von 3 N\u00e4chten zu buchen.<\/h6>\r\n<!-- \/wp:paragraph -->\r\n\r\n<!-- wp:table -->\r\n<figure class=\"wp-block-table\">\r\n<table>\r\n<tbody>\r\n<tr>\r\n<td><strong>Saison<\/strong><\/td>\r\n<td class=\"has-text-align-center\" data-align=\"center\"><strong>Wochentage (So &#8211; Do)<\/strong><\/td>\r\n<td class=\"has-text-align-center\" data-align=\"center\"><strong>Wochenendtage (Fr &#8211; Sam)<\/strong><\/td>\r\n<\/tr>\r\n<tr>\r\n<td>7. M\u00e4rz bis 27. M\u00e4rz<\/td>\r\n<td class=\"has-text-align-center\" data-align=\"center\">\u20ac 23,00<\/td>\r\n<td class=\"has-text-align-center\" data-align=\"center\">\u20ac 23,00<\/td>\r\n<\/tr>\r\n<tr>\r\n<td>28. M\u00e4rz bis 10. Mai<\/td>\r\n<td class=\"has-text-align-center\" data-align=\"center\">\u20ac 39,00<\/td>\r\n<td class=\"has-text-align-center\" data-align=\"center\">\u20ac 39,00<\/td>\r\n<\/tr>\r\n<tr>\r\n<td>11. Mai bis 10. Juli<\/td>\r\n<td class=\"has-text-align-center\" data-align=\"center\">\u20ac 26,00<\/td>\r\n<td class=\"has-text-align-center\" data-align=\"center\">\u20ac 33,00<\/td>\r\n<\/tr>\r\n<tr>\r\n<td>11. Juli bis 23. August<\/td>\r\n<td class=\"has-text-align-center\" data-align=\"center\">\u20ac 39,00<\/td>\r\n<td class=\"has-text-align-center\" data-align=\"center\">\u20ac 39,00<\/td>\r\n<\/tr>\r\n<tr>\r\n<td>24. August bis 20. September<\/td>\r\n<td class=\"has-text-align-center\" data-align=\"center\">\u20ac 26,00<\/td>\r\n<td class=\"has-text-align-center\" data-align=\"center\">\u20ac 33,00<\/td>\r\n<\/tr>\r\n<tr>\r\n<td>21. September bis 30. Oktober<\/td>\r\n<td class=\"has-text-align-center\" data-align=\"center\">\u20ac 23,00<\/td>\r\n<td class=\"has-text-align-center\" data-align=\"center\">\u20ac 23,00<\/td>\r\n<\/tr>\r\n<\/tbody>\r\n<\/table>\r\n<\/figure>\r\n<!-- \/wp:table -->\r\n\r\n<!-- wp:heading -->\r\n<h2>Stellplatz mit privaten Sanit\u00e4ranlagen<\/h2>\r\n<!-- \/wp:heading -->\r\n<p><!-- wp:paragraph --><em>Inklusive Strom, Wasser und kostenlosem WLAN auf dem Stellplatz. Buchbar ab 3 N\u00e4chten. Bitte beachten Sie: Bei einer Buchung des Stellplatzes mit Privatsanit\u00e4r erheben wir eine Kaution von \u20ac 25,-.<\/em><\/p>\r\n<h6>In der Zeit vom 11. Juli bis zum 24. August ist es nur m\u00f6glich, ab einem Minimum von 3 N\u00e4chten zu buchen.<\/h6>\r\n<!-- \/wp:paragraph -->\r\n\r\n<!-- wp:table -->\r\n<figure class=\"wp-block-table\">\r\n<table>\r\n<tbody>\r\n<tr>\r\n<td><strong>Saison<\/strong><\/td>\r\n<td class=\"has-text-align-center\" data-align=\"center\"><strong>Wochentage (So &#8211; Do)<\/strong><\/td>\r\n<td class=\"has-text-align-center\" data-align=\"center\"><strong>Wochenendtage (Fr &#8211; Sam)<\/strong><\/td>\r\n<\/tr>\r\n<tr>\r\n<td>7. M\u00e4rz bis 27. M\u00e4rz<\/td>\r\n<td class=\"has-text-align-center\" data-align=\"center\">\u20ac 38,00<\/td>\r\n<td class=\"has-text-align-center\" data-align=\"center\">\u20ac 38,00<\/td>\r\n<\/tr>\r\n<tr>\r\n<td>28. M\u00e4rz bis 10. Mai<\/td>\r\n<td class=\"has-text-align-center\" data-align=\"center\">\u20ac 55,00<\/td>\r\n<td class=\"has-text-align-center\" data-align=\"center\">\u20ac 55,00<\/td>\r\n<\/tr>\r\n<tr>\r\n<td>11. Mai bis 10. Juli<\/td>\r\n<td class=\"has-text-align-center\" data-align=\"center\">\u20ac 42,00<\/td>\r\n<td class=\"has-text-align-center\" data-align=\"center\">\u20ac 49,00<\/td>\r\n<\/tr>\r\n<tr>\r\n<td>11. Juli bis 23. August<\/td>\r\n<td class=\"has-text-align-center\" data-align=\"center\">\u20ac 55,00<\/td>\r\n<td class=\"has-text-align-center\" data-align=\"center\">\u20ac 55,00<\/td>\r\n<\/tr>\r\n<tr>\r\n<td>24. August bis 20. September<\/td>\r\n<td class=\"has-text-align-center\" data-align=\"center\">\u20ac 42,00<\/td>\r\n<td class=\"has-text-align-center\" data-align=\"center\">\u20ac 49,00<\/td>\r\n<\/tr>\r\n<tr>\r\n<td>21. September bis 30. Oktober<\/td>\r\n<td class=\"has-text-align-center\" data-align=\"center\">\u20ac 38,00<\/td>\r\n<td class=\"has-text-align-center\" data-align=\"center\">\u20ac 38,00<\/td>\r\n<\/tr>\r\n<\/tbody>\r\n<\/table>\r\n<\/figure>\r\n<!-- \/wp:table -->\r\n\r\n<!-- wp:heading -->\r\n<h2>Zeltplatz<\/h2>\r\n<!-- \/wp:heading -->\r\n<p><!-- wp:paragraph -->F\u00fcr ein Zelt (max. 2 Personen) ohne Strom und Wasserstelle am Platz. Mit kostenfreiem WLAN auf dem Stellplatz. <!-- \/wp:paragraph -->\r\n\r\n<!-- wp:table -->\r\n<table>\r\n<tbody>\r\n<tr>\r\n<td>Kurtaxe (verpflichtet)<\/td>\r\n<td class=\"has-text-align-center\" data-align=\"center\">\u20ac 1,75<\/td>\r\n<td class=\"has-text-align-center\" data-align=\"center\">pro Person<\/td>\r\n<\/tr>\r\n<tr>\r\n<td>Extra Personen (ab 3 Personen)<\/td>\r\n<td class=\"has-text-align-center\" data-align=\"center\">\u20ac 5,00<\/td>\r\n<td class=\"has-text-align-center\" data-align=\"center\">pro Person<\/td>\r\n<\/tr>\r\n<tr>\r\n<td>Hund (an der Leine, max. 2)<\/td>\r\n<td class=\"has-text-align-center\" data-align=\"center\">\u20ac 3,50<\/td>\r\n<td class=\"has-text-align-center\" data-align=\"center\">pro Hunde<\/td>\r\n<\/tr>\r\n<tr>\r\n<td>Extra Zelt auf dem Platz<\/td>\r\n<td class=\"has-text-align-center\" data-align=\"center\">\u20ac 5,00<\/td>\r\n<td class=\"has-text-align-center\" data-align=\"center\">pro Zelt<\/td>\r\n<\/tr>\r\n<tr>\r\n<td><a title=\"Stornogeb\u00fchr\" href=\"https:\/\/sollasi.nl\/wp-content\/uploads\/2024\/10\/annulering-duits.pdf\" data-schema-attribute=\"about\">Stornogeb\u00fchr \u21d2<\/a><\/td>\r\n<td class=\"has-text-align-center\" data-align=\"center\">5%<\/td>\r\n<td class=\"has-text-align-center\" data-align=\"center\">der Unterkunft Kosten<\/td>\r\n<\/tr>\r\n<\/tbody>\r\n<\/table>\r\n<!-- wp:heading -->\r\n<h2>Arrangements<\/h2>\r\n<!-- \/wp:heading -->\r\n\r\n<!-- wp:table -->\r\n<figure class=\"wp-block-table\">\r\n<table>\r\n<tbody>\r\n<tr>\r\n<td>\u00a0<\/td>\r\n<td>\u00a0<\/td>\r\n<td>Komfortabler Stellplatz<\/td>\r\n<td>Stellplatz mit Privatsanit\u00e4r<\/td>\r\n<td>Zeltplatz<\/td>\r\n<\/tr>\r\n<tr>\r\n<td>Blumenkorso<\/td>\r\n<td>11-04 bis 14-04<\/td>\r\n<td>\u20ac 145,00<\/td>\r\n<td>\u20ac 200,00<\/td>\r\n<td>\u20ac 75,00<\/td>\r\n<\/tr>\r\n<tr>\r\n<td>Ostern<\/td>\r\n<td>18-04 bis 21-04<\/td>\r\n<td>\u20ac 145,00<\/td>\r\n<td>\u20ac 200,00<\/td>\r\n<td>\u20ac 75,00<\/td>\r\n<\/tr>\r\n<tr>\r\n<td>Himmelfahrt<\/td>\r\n<td>28-05 bis 02-06<\/td>\r\n<td>\u20ac 185,00<\/td>\r\n<td>\u20ac 250,00<\/td>\r\n<td>\u20ac 100,00<\/td>\r\n<\/tr>\r\n<tr>\r\n<td>Pfingsten<\/td>\r\n<td>06-06 bis 09-06<\/td>\r\n<td>\u20ac 145,00<\/td>\r\n<td>\u20ac 200,00<\/td>\r\n<td>\u20ac 75,00<\/td>\r\n<\/tr>\r\n<tr>\r\n<td>Formel 1 ab der 3. Person \u20ac 35,00 pro Person<\/td>\r\n<td>29-08 bis 01-09<\/td>\r\n<td>\u20ac 370,00<\/td>\r\n<td>\u20ac 450,00<\/td>\r\n<td>\u20ac 250,00<\/td>\r\n<\/tr>\r\n<\/tbody>\r\n<\/table>\r\n<p>F\u00fcr k\u00fcrzere Buchungen innerhalb eines Pakets zahlen Sie den vollen Paketpreis<\/p>\r\n<\/figure>\r\n<!-- wp:heading -->\r\n<h2>Saisonplatz &#8211; vom 1. M\u00e4rz bis 1. November 2025<\/h2>\r\n<p>Auf dem Campingplatz Sollasi sind im Jahr 2025 keine Saisonpl\u00e4tze mehr verf\u00fcgbar.<br \/>Auf dem Campingplatz Le Parage sind noch Saisonpl\u00e4tze f\u00fcr den Zeitraum 1. M\u00e4rz bis 1. November verf\u00fcgbar.<br \/>F\u00fcr weitere Informationen kontaktieren Sie bitte den Campingplatz Le Parage per E-Mail oder Telefon.<\/p>\r\n<p><em>\u00c4nderungen vorbehalten.<\/em><\/p>\r\n<!-- \/wp:heading -->\r\n<p>&nbsp;<\/p>\r\n<p>[\/vc_column_text][\/vc_column][\/vc_row]<\/p><!-- \/wp:table --><!-- \/wp:table --> \u00a0 <em><!-- wp:table --><\/em><\/p>\r\n<figure class=\"wp-block-table\">\r\n<table>\r\n<tbody>\r\n<tr>\r\n<td><strong>Saison<\/strong><\/td>\r\n<td class=\"has-text-align-center\" data-align=\"center\"><strong>Wochentage (So &#8211; Do)<\/strong><\/td>\r\n<td class=\"has-text-align-center\" data-align=\"center\"><strong>Wochenendtage (Fr &#8211; Sam)<\/strong><\/td>\r\n<\/tr>\r\n<tr>\r\n<td>7. M\u00e4rz bis 27. M\u00e4rz<\/td>\r\n<td class=\"has-text-align-center\" data-align=\"center\">\u20ac 15,00<\/td>\r\n<td class=\"has-text-align-center\" data-align=\"center\">\u20ac 15,00<\/td>\r\n<\/tr>\r\n<tr>\r\n<td>28. M\u00e4rz bis 10. Mai<\/td>\r\n<td class=\"has-text-align-center\" data-align=\"center\">\u20ac 15,00<\/td>\r\n<td class=\"has-text-align-center\" data-align=\"center\">\u20ac 20,00<\/td>\r\n<\/tr>\r\n<tr>\r\n<td>11. Mai bis 10. Juli<\/td>\r\n<td class=\"has-text-align-center\" data-align=\"center\">\u20ac 15,00<\/td>\r\n<td class=\"has-text-align-center\" data-align=\"center\">\u20ac 20,00<\/td>\r\n<\/tr>\r\n<tr>\r\n<td>11. Juli bis 23. August<\/td>\r\n<td class=\"has-text-align-center\" data-align=\"center\">\u20ac 25,00<\/td>\r\n<td class=\"has-text-align-center\" data-align=\"center\">\u20ac 25,00<\/td>\r\n<\/tr>\r\n<tr>\r\n<td>24. August bis 20. September<\/td>\r\n<td class=\"has-text-align-center\" data-align=\"center\">\u20ac 15,00<\/td>\r\n<td class=\"has-text-align-center\" data-align=\"center\">\u20ac 20,00<\/td>\r\n<\/tr>\r\n<tr>\r\n<td>21. September bis 30. Oktober<\/td>\r\n<td class=\"has-text-align-center\" data-align=\"center\">\u20ac 15,00<\/td>\r\n<td class=\"has-text-align-center\" data-align=\"center\">\u20ac 15,00<\/td>\r\n<\/tr>\r\n<\/tbody>\r\n<\/table>\r\n<\/figure>\r\n<!-- wp:heading -->\r\n<h2>Zusatzkosten pro Nacht:<\/h2>\r\n<!-- \/wp:heading -->\r\n\r\n<!-- wp:table -->\r\n<table>\r\n<tbody>\r\n<tr>\r\n<td>Kurtaxe (verpflichtet)<\/td>\r\n<td class=\"has-text-align-center\" data-align=\"center\">\u20ac 1,75<\/td>\r\n<td class=\"has-text-align-center\" data-align=\"center\">pro Person<\/td>\r\n<\/tr>\r\n<tr>\r\n<td>Extra Personen (ab 3 Personen)<\/td>\r\n<td class=\"has-text-align-center\" data-align=\"center\">\u20ac 5,00<\/td>\r\n<td class=\"has-text-align-center\" data-align=\"center\">pro Person<\/td>\r\n<\/tr>\r\n<tr>\r\n<td>Hund (an der Leine, max. 2)<\/td>\r\n<td class=\"has-text-align-center\" data-align=\"center\">\u20ac 3,50<\/td>\r\n<td class=\"has-text-align-center\" data-align=\"center\">pro Hunde<\/td>\r\n<\/tr>\r\n<tr>\r\n<td>Extra Zelt auf dem Platz<\/td>\r\n<td class=\"has-text-align-center\" data-align=\"center\">\u20ac 5,00<\/td>\r\n<td class=\"has-text-align-center\" data-align=\"center\">pro Zelt<\/td>\r\n<\/tr>\r\n<tr>\r\n<td><a title=\"Stornogeb\u00fchr\" href=\"https:\/\/sollasi.nl\/wp-content\/uploads\/2024\/10\/annulering-duits.pdf\" data-schema-attribute=\"about\">Stornogeb\u00fchr \u21d2<\/a><\/td>\r\n<td class=\"has-text-align-center\" data-align=\"center\">5%<\/td>\r\n<td class=\"has-text-align-center\" data-align=\"center\">der Unterkunft Kosten<\/td>\r\n<\/tr>\r\n<\/tbody>\r\n<\/table>\r\n<!-- wp:heading -->\r\n<h2>Arrangements<\/h2>\r\n<!-- \/wp:heading -->\r\n\r\n<!-- wp:table -->\r\n<figure class=\"wp-block-table\">\r\n<table>\r\n<tbody>\r\n<tr>\r\n<td>\u00a0<\/td>\r\n<td>\u00a0<\/td>\r\n<td>Komfortabler Stellplatz<\/td>\r\n<td>Stellplatz mit Privatsanit\u00e4r<\/td>\r\n<td>Zeltplatz<\/td>\r\n<\/tr>\r\n<tr>\r\n<td>Blumenkorso<\/td>\r\n<td>11-04 bis 14-04<\/td>\r\n<td>\u20ac 145,00<\/td>\r\n<td>\u20ac 200,00<\/td>\r\n<td>\u20ac 75,00<\/td>\r\n<\/tr>\r\n<tr>\r\n<td>Ostern<\/td>\r\n<td>18-04 bis 21-04<\/td>\r\n<td>\u20ac 145,00<\/td>\r\n<td>\u20ac 200,00<\/td>\r\n<td>\u20ac 75,00<\/td>\r\n<\/tr>\r\n<tr>\r\n<td>Himmelfahrt<\/td>\r\n<td>28-05 bis 02-06<\/td>\r\n<td>\u20ac 185,00<\/td>\r\n<td>\u20ac 250,00<\/td>\r\n<td>\u20ac 100,00<\/td>\r\n<\/tr>\r\n<tr>\r\n<td>Pfingsten<\/td>\r\n<td>06-06 bis 09-06<\/td>\r\n<td>\u20ac 145,00<\/td>\r\n<td>\u20ac 200,00<\/td>\r\n<td>\u20ac 75,00<\/td>\r\n<\/tr>\r\n<tr>\r\n<td>Formel 1 ab der 3. Person \u20ac 35,00 pro Person<\/td>\r\n<td>29-08 bis 01-09<\/td>\r\n<td>\u20ac 370,00<\/td>\r\n<td>\u20ac 450,00<\/td>\r\n<td>\u20ac 250,00<\/td>\r\n<\/tr>\r\n<\/tbody>\r\n<\/table>\r\n<p>F\u00fcr k\u00fcrzere Buchungen innerhalb eines Pakets zahlen Sie den vollen Paketpreis<\/p>\r\n<\/figure>\r\n<!-- wp:heading -->\r\n<h2>Saisonplatz &#8211; vom 1. M\u00e4rz bis 1. November 2025<\/h2>\r\n<p>Auf dem Campingplatz Sollasi sind im Jahr 2025 keine Saisonpl\u00e4tze mehr verf\u00fcgbar.<br \/>Auf dem Campingplatz Le Parage sind noch Saisonpl\u00e4tze f\u00fcr den Zeitraum 1. M\u00e4rz bis 1. November verf\u00fcgbar.<br \/>F\u00fcr weitere Informationen kontaktieren Sie bitte den Campingplatz Le Parage per E-Mail oder Telefon.<\/p>\r\n<p><em>\u00c4nderungen vorbehalten.<\/em><\/p>\r\n<!-- \/wp:paragraph -->\r\n<p>&nbsp;<\/p>\r\n<p>[\/vc_column_text][\/vc_column][\/vc_row]<\/p><!-- \/wp:post-content -->","protected":false},"excerpt":{"rendered":"<p>[vc_row][vc_column][vc_column_text] Preise Campingplatz Sollasi 2025 Die Preise verstehen sich pro \u00dcbernachtung f\u00fcr 2 Personen und mit Ausnahme der Arrangements.Bei einem verk\u00fcrzten Aufenthalt innerhalb eines Arrangements wird der volle Preis des Arrangements berechnet.Jugendliche unter 18 Jahren sind ohne Aufsicht nicht gestattet. Komfortabler Stellplatz Inklusive Strom, Wasser und WLAN auf dem Stellplatz. In der Zeit vom 11. Juli bis zum 24. August ist es nur m\u00f6glich, ab einem Minimum von 3 N\u00e4chten zu buchen. Saison Wochentage (So &#8211; Do) Wochenendtage (Fr &#8211; &#8230; <\/p>\n<p class=\"read-more-container\"><a title=\"PREISE CAMPINGPLATZ SOLLASI 2025\" class=\"read-more button\" href=\"https:\/\/sollasi.nl\/de\/preise-campingplatz-sollasi-2025\/#more-11253\">Read More<span class=\"screen-reader-text\">PREISE CAMPINGPLATZ SOLLASI 2025<\/span><\/a><\/p>\n","protected":false},"author":1,"featured_media":10821,"parent":0,"menu_order":0,"comment_status":"closed","ping_status":"closed","template":"","meta":{"footnotes":""},"class_list":["post-11253","page","type-page","status-publish","has-post-thumbnail"],"_links":{"self":[{"href":"https:\/\/sollasi.nl\/de\/wp-json\/wp\/v2\/pages\/11253","targetHints":{"allow":["GET"]}}],"collection":[{"href":"https:\/\/sollasi.nl\/de\/wp-json\/wp\/v2\/pages"}],"about":[{"href":"https:\/\/sollasi.nl\/de\/wp-json\/wp\/v2\/types\/page"}],"author":[{"embeddable":true,"href":"https:\/\/sollasi.nl\/de\/wp-json\/wp\/v2\/users\/1"}],"replies":[{"embeddable":true,"href":"https:\/\/sollasi.nl\/de\/wp-json\/wp\/v2\/comments?post=11253"}],"version-history":[{"count":29,"href":"https:\/\/sollasi.nl\/de\/wp-json\/wp\/v2\/pages\/11253\/revisions"}],"predecessor-version":[{"id":11810,"href":"https:\/\/sollasi.nl\/de\/wp-json\/wp\/v2\/pages\/11253\/revisions\/11810"}],"wp:featuredmedia":[{"embeddable":true,"href":"https:\/\/sollasi.nl\/de\/wp-json\/wp\/v2\/media\/10821"}],"wp:attachment":[{"href":"https:\/\/sollasi.nl\/de\/wp-json\/wp\/v2\/media?parent=11253"}],"curies":[{"name":"wp","href":"https:\/\/api.w.org\/{rel}","templated":true}]}}